{"id":727,"date":"2007-09-19T16:17:41","date_gmt":"2007-09-19T19:17:41","guid":{"rendered":"http:\/\/escriturasagrada.com\/?page_id=4"},"modified":"2017-04-23T00:57:47","modified_gmt":"2017-04-23T02:57:47","slug":"estudo","status":"publish","type":"page","link":"https:\/\/ultimato.com.br\/sites\/timcarriker\/estudo\/","title":{"rendered":"Estudos"},"content":{"rendered":"<p><strong>Mensagens:<\/strong><\/p>\n<ul>\n<li><em><a title=\"A gl\u00f3ria de Deus\" href=\"http:\/\/ultimato.com.br\/sites\/timcarriker\/files\/2007\/09\/a-gloria-de-deus-e-missoes.pdf\" target=\"_blank\" rel=\"noopener noreferrer\">A gl\u00f3ria de Deus: miss\u00e3o da igreja<\/a><\/em>. Um esbo\u00e7o de serm\u00e3o baseado em Romanos 15.7-13 destacando a rela\u00e7\u00e3o entre a soberania e gl\u00f3ria de Deus e a tarefa mission\u00e1ria da igreja.<\/li>\n<\/ul>\n<ul>\n<li><em><a title=\"Modelos de Paulo\" href=\"http:\/\/ultimato.com.br\/sites\/timcarriker\/files\/2007\/09\/modelos-missionarios-de-paulo.pdf\" target=\"_blank\" rel=\"noopener noreferrer\">Modelos mission\u00e1rias de Paulo<\/a><\/em>. Um esbo\u00e7o de serm\u00e3o baseado em Romanos 15.14-21 destacando a principais caracter\u00edsticas mission\u00e1rias do ap\u00f3stolo Paulo.<\/li>\n<\/ul>\n<ul>\n<li><em><a title=\"Minist\u00e9rio integral\" href=\"http:\/\/ultimato.com.br\/sites\/timcarriker\/files\/2007\/09\/ministerio-integral.pdf\" target=\"_blank\" rel=\"noopener noreferrer\">O minist\u00e9rio integral da igreja<\/a><\/em>. Um estudo da miss\u00e3o e minist\u00e9rio da igreja baseado nos cap\u00edtulos 3 e 4 da Carta aos Ef\u00e9sios. Duas s\u00e9ries de transpar\u00eancias acompanham o estudo, que poder\u00e1 baixar <a title=\"O minist\u00e9rio integral, parte 1\" href=\"http:\/\/escriturasagrada.com\/wp-content\/uploads\/2007\/09\/ministerio-integral-011.ppt\" target=\"_blank\" rel=\"noopener noreferrer\">AQUI <\/a>e <a title=\"O minist\u00e9rio integral da igreja, parte 2\" href=\"http:\/\/escriturasagrada.com\/wp-content\/uploads\/2007\/09\/ministerio-integral-02.ppt\" target=\"_blank\" rel=\"noopener noreferrer\">AQUI<\/a><\/li>\n<\/ul>\n<p><strong>E<\/strong><strong>xegeses:<\/strong><\/p>\n<ul>\n<li><a href=\"http:\/\/www.monergismo.com\/textos\/escatologia_reformada\/romanos.pdf\" target=\"_blank\" rel=\"noopener noreferrer\">Paulo, o ap\u00f3stolo apocal\u00edptico: 2 Tessalonicenses 2.6,7<\/a><\/li>\n<\/ul>\n<ul>\n<li><a href=\"http:\/\/www.monergismo.com\/textos\/escatologia_reformada\/romanos.pdf\" target=\"_blank\" rel=\"noopener noreferrer\">A missiologia apocal\u00edptica da Carta aos Romanos: com \u00eanfase em 15.14-21 e cap\u00edtulos 9-11 <\/a><\/li>\n<\/ul>\n<ul>\n<li><a href=\"http:\/\/www.monergismo.com\/textos\/hermeneuticas\/herm_carriker.pdf\" target=\"_blank\" rel=\"noopener noreferrer\">A hermen\u00eautica escatol\u00f3gica de Paulo: 1 Cor\u00edntios 15.23-28<\/a><\/li>\n<\/ul>\n<ul>\n<li><a href=\"http:\/\/ultimato.com.br\/sites\/timcarriker\/files\/2007\/09\/1-tessalonicenses-413-511.pdf\" target=\"_blank\" rel=\"noopener noreferrer\">A hermen\u00eautica escatol\u00f3gica de Paulo: 1 Tessalonicenses 4.13-5.11<\/a><\/li>\n<\/ul>\n<ul>\n<li><a href=\"http:\/\/ultimato.com.br\/sites\/timcarriker\/files\/2007\/09\/a-apocaliptica-judaica-e-o-evangelho-de-paulo.pdf\" target=\"_blank\" rel=\"noopener noreferrer\">A apocal\u00edptica judaica e o evangelho de Paulo<\/a><\/li>\n<\/ul>\n<p><strong>Estudos Ling\u00fc\u00edsticos:<\/strong><\/p>\n<ul>\n<li><em><strong><a href=\"http:\/\/nomededeus.com\/wp-content\/uploads\/2007\/10\/salmo-119.pdf\" target=\"_blank\" rel=\"noopener noreferrer\">Salmo 119<\/a><\/strong><\/em>. Pode aprender o alfabeta hebraico estudando o Salmo 119. Este salmo foi usado originalmente para ensinar as crian\u00e7as e ler e escrever e, ao mesmo tempo, a valorizar acima de tudo, a Palavra de Deus.<\/li>\n<\/ul>\n<ul>\n<li><a href=\"http:\/\/www.lulu.com\/content\/2232312\" target=\"_blank\" rel=\"noopener noreferrer\"><strong><em>Grego Coin\u00e9<\/em><\/strong><\/a><\/li>\n<\/ul>\n<ol>\n<li>Preposi\u00e7\u00f5es, Regras de Acentua\u00e7\u00e3o, Conjun\u00e7\u00f5es, Alfabeto, Combina\u00e7\u00f5es Vogais, Aspira\u00e7\u00f5es e Acentua\u00e7\u00e3o<\/li>\n<li>Verbos terminando em \u00f4mega, o verbo &#8220;ser&#8221;, Vocabul\u00e1rio de verbos<\/li>\n<li>Os Substantivos, Vocabul\u00e1rio de Substantivos<\/li>\n<li>Os Pronomes Pessoais, Demonstrativos, Possessivos, Relativos, Interrogativos, e os Artigos Definidos<\/li>\n<li>Declina\u00e7\u00f5es do verbo regular com t\u00e9rmino em \u00f4mega, excluindo o modo optativo<\/li>\n<li>Declina\u00e7\u00f5es do verbo regular com t\u00e9rmino em \u00f4mega, incluindo o modo optativo<\/li>\n<\/ol>\n<ul>\n<li><a href=\"http:\/\/www.lulu.com\/content\/2232312\" target=\"_blank\" rel=\"noopener noreferrer\"><strong><em>Hebraico B\u00edblico<\/em><\/strong><\/a><\/li>\n<\/ul>\n<ol>\n<li>Alfabeto, Vogais, Adjetivo, Artigo Definido e Indefinido, Daguesh e waw conjuntivo<br \/>\nN\u00fameros Cardinais e Ordinais; Preposi\u00e7\u00f5es; Xev\u00e1; e Pronomes Pessoais, Demonstrativos, Interrogativos e Relativos<\/li>\n<li>Substantivos<\/li>\n<li>Verbos<\/li>\n<\/ol>\n<ul>\n<li><a href=\"http:\/\/timcarriker.com\/missao\/wp-content\/uploads\/2007\/08\/efesios-traducao-contemporanea.pdf\" target=\"_blank\" rel=\"noopener noreferrer\">Nova tradu\u00e7\u00e3o da Carta aos Ef\u00e9sios<\/a>. Este \u00e9 o in\u00edcio dum projeto de fazer uma tradu\u00e7\u00e3o contempor\u00e2nea do Novo Testamento a partir do texto original em grego.<\/li>\n<\/ul>\n<p><strong>Hermen\u00eautica (Interpreta\u00e7\u00e3o):<\/strong><\/p>\n<p>Aqui se encontra duas apresenta\u00e7\u00f5es em PowerPoint dos principais &#8220;eixos&#8221; e &#8220;planos&#8221; dos paradigmas hermen\u00eauticos. S\u00e3o modelos geom\u00eatricos de duas dimens\u00f5es, o primeiro sendo uma tipologia das perspectivas hermen\u00eauticas das diversas ci\u00eancias, e o segundo se baseando nas observa\u00e7\u00f5es de Paulo Ricoeur, pai da hermen\u00eautica moderna.<\/p>\n<ol>\n<li><em><a href=\"http:\/\/escriturasagrada.com\/wp-content\/uploads\/2007\/09\/eixos-hermeneuticos.ppt\" target=\"_blank\" rel=\"noopener noreferrer\">Eixos hermen\u00eauticos<\/a><\/em><\/li>\n<li><em><a href=\"http:\/\/escriturasagrada.com\/wp-content\/uploads\/2007\/09\/planos-hermeneuticos.ppt\" target=\"_blank\" rel=\"noopener noreferrer\">Planos hermen\u00eauticos<\/a><\/em><\/li>\n<\/ol>\n<p><strong>Ecologia e F\u00e9 B\u00edblia:<\/strong><\/p>\n<ul>\n<li><em><a href=\"http:\/\/escriturasagrada.com\/wp-content\/uploads\/2007\/09\/Teologia-Missional-S\u00f3cio-ambiental.doc\" target=\"_blank\" rel=\"noopener noreferrer\">Teologia Missional S\u00f3cio-ambiental<\/a><\/em><\/li>\n<\/ul>\n<p><strong>Livros:<\/strong><\/p>\n<p>Come\u00e7amos destacando alguns livros da nossa autoria que tratam, dum modo ou outro, o estudo da B\u00edblia. Veja uma lista atualizada no nosso outro site, <em>F\u00e9 e Miss\u00e3o<\/em>, <a href=\"http:\/\/www.timcarriker.com\/about\/livros\/\">AQUI<\/a>.<\/p>\n","protected":false},"excerpt":{"rendered":"<p>Mensagens: A gl\u00f3ria de Deus: miss\u00e3o da igreja. Um esbo\u00e7o de serm\u00e3o baseado em Romanos 15.7-13 destacando a rela\u00e7\u00e3o entre a soberania e gl\u00f3ria de Deus e a tarefa mission\u00e1ria da igreja. Modelos mission\u00e1rias de Paulo. Um esbo\u00e7o de serm\u00e3o baseado em Romanos 15.14-21 destacando a principais caracter\u00edsticas mission\u00e1rias do ap\u00f3stolo Paulo. O minist\u00e9rio integral [&hellip;]<\/p>\n","protected":false},"author":25,"featured_media":0,"parent":0,"menu_order":4,"comment_status":"open","ping_status":"closed","template":"","meta":{"ngg_post_thumbnail":0,"footnotes":""},"class_list":["post-727","page","type-page","status-publish","hentry"],"_links":{"self":[{"href":"https:\/\/ultimato.com.br\/sites\/timcarriker\/wp-json\/wp\/v2\/pages\/727","targetHints":{"allow":["GET"]}}],"collection":[{"href":"https:\/\/ultimato.com.br\/sites\/timcarriker\/wp-json\/wp\/v2\/pages"}],"about":[{"href":"https:\/\/ultimato.com.br\/sites\/timcarriker\/wp-json\/wp\/v2\/types\/page"}],"author":[{"embeddable":true,"href":"https:\/\/ultimato.com.br\/sites\/timcarriker\/wp-json\/wp\/v2\/users\/25"}],"replies":[{"embeddable":true,"href":"https:\/\/ultimato.com.br\/sites\/timcarriker\/wp-json\/wp\/v2\/comments?post=727"}],"version-history":[{"count":3,"href":"https:\/\/ultimato.com.br\/sites\/timcarriker\/wp-json\/wp\/v2\/pages\/727\/revisions"}],"predecessor-version":[{"id":2174,"href":"https:\/\/ultimato.com.br\/sites\/timcarriker\/wp-json\/wp\/v2\/pages\/727\/revisions\/2174"}],"wp:attachment":[{"href":"https:\/\/ultimato.com.br\/sites\/timcarriker\/wp-json\/wp\/v2\/media?parent=727"}],"curies":[{"name":"wp","href":"https:\/\/api.w.org\/{rel}","templated":true}]}}