{"id":5,"date":"2014-10-01T00:07:10","date_gmt":"2014-10-01T00:07:10","guid":{"rendered":"http:\/\/ultimato.com.br\/sites\/somente-a-fe\/?page_id=5"},"modified":"2014-10-01T00:17:42","modified_gmt":"2014-10-01T00:17:42","slug":"o-livro","status":"publish","type":"page","link":"https:\/\/ultimato.com.br\/sites\/somente-a-fe\/","title":{"rendered":"O livro"},"content":{"rendered":"<p><strong>Somente a F\u00e9 \u2013 um ano com Lutero<\/strong> re\u00fane uma sele\u00e7\u00e3o de textos originalmente escritos por Martinho Lutero, entre 1513 e 1543, a partir dos serm\u00f5es, coment\u00e1rios e artigos devocionais do reformador.<\/p>\n<p>O pr\u00f3prio Martinho Lutero \u00e9 o nosso guia nessa preciosa colet\u00e2nea. Um devocion\u00e1rio com temas bem pr\u00e1ticos da vida crist\u00e3, que, resumidos no t\u00edtulo da obra, n\u00e3o poderiam apontar um modo melhor para passar um ano inteiro: \u201csomente pela f\u00e9\u201d.<\/p>\n<p>Uma tradu\u00e7\u00e3o cuidadosa e atualizada que revela para o leitor o significado, o tom e o contexto das obras de Lutero. A centralidade de Cristo, a justifica\u00e7\u00e3o pela f\u00e9, a autoridade das Escrituras e a import\u00e2ncia de se colocar a f\u00e9 acima da raz\u00e3o humana, s\u00e3o alguns dos temas \u201cteol\u00f3gicos\u201d das medita\u00e7\u00f5es di\u00e1rias. Os temas pr\u00e1ticos tamb\u00e9m est\u00e3o presentes nas p\u00e1ginas deixadas pelo reformador. E incluem a luta contra o pecado e a tenta\u00e7\u00e3o, a ora\u00e7\u00e3o, a humildade, como lidar com a riqueza, o valor do trabalho di\u00e1rio, a import\u00e2ncia do casamento e da fam\u00edlia, e o amor ao pr\u00f3ximo.<\/p>\n<p><strong>Somente a F\u00e9 \u2013 um ano com Lutero<\/strong> pode ser lido diariamente, acompanhando o calend\u00e1rio anual, ou a partir dos temas apresentados no \u00edndice de assuntos localizado no final do livro.<\/p>\n","protected":false},"excerpt":{"rendered":"<p>Somente a F\u00e9 \u2013 um ano com Lutero re\u00fane uma sele\u00e7\u00e3o de textos originalmente escritos por Martinho Lutero, entre 1513 e 1543, a partir dos serm\u00f5es, coment\u00e1rios e artigos devocionais do reformador. O pr\u00f3prio Martinho Lutero \u00e9 o nosso guia nessa preciosa colet\u00e2nea. Um devocion\u00e1rio com temas bem pr\u00e1ticos da vida crist\u00e3, que, resumidos no [&hellip;]<\/p>\n","protected":false},"author":24,"featured_media":0,"parent":0,"menu_order":1,"comment_status":"closed","ping_status":"open","template":"","meta":{"footnotes":""},"class_list":["post-5","page","type-page","status-publish","hentry"],"_links":{"self":[{"href":"https:\/\/ultimato.com.br\/sites\/somente-a-fe\/wp-json\/wp\/v2\/pages\/5","targetHints":{"allow":["GET"]}}],"collection":[{"href":"https:\/\/ultimato.com.br\/sites\/somente-a-fe\/wp-json\/wp\/v2\/pages"}],"about":[{"href":"https:\/\/ultimato.com.br\/sites\/somente-a-fe\/wp-json\/wp\/v2\/types\/page"}],"author":[{"embeddable":true,"href":"https:\/\/ultimato.com.br\/sites\/somente-a-fe\/wp-json\/wp\/v2\/users\/24"}],"replies":[{"embeddable":true,"href":"https:\/\/ultimato.com.br\/sites\/somente-a-fe\/wp-json\/wp\/v2\/comments?post=5"}],"version-history":[{"count":3,"href":"https:\/\/ultimato.com.br\/sites\/somente-a-fe\/wp-json\/wp\/v2\/pages\/5\/revisions"}],"predecessor-version":[{"id":30,"href":"https:\/\/ultimato.com.br\/sites\/somente-a-fe\/wp-json\/wp\/v2\/pages\/5\/revisions\/30"}],"wp:attachment":[{"href":"https:\/\/ultimato.com.br\/sites\/somente-a-fe\/wp-json\/wp\/v2\/media?parent=5"}],"curies":[{"name":"wp","href":"https:\/\/api.w.org\/{rel}","templated":true}]}}