{"id":289,"date":"2018-03-13T09:19:48","date_gmt":"2018-03-13T12:19:48","guid":{"rendered":"http:\/\/ultimato.com.br\/sites\/serie-ultimato-50-anos\/?page_id=289"},"modified":"2018-03-28T09:03:07","modified_gmt":"2018-03-28T12:03:07","slug":"nao-perca-jesus-de-vista","status":"publish","type":"page","link":"https:\/\/ultimato.com.br\/sites\/serie-ultimato-50-anos\/nao-perca-jesus-de-vista\/","title":{"rendered":"N\u00e3o Perca Jesus de Vista"},"content":{"rendered":"<h4><strong>N\u00e3o Perca Jesus de Vista<\/strong><\/h4>\n<p><a href=\"http:\/\/www.ultimato.com.br\/loja\/produtos\/nao-perca-jesus-de-vista\" target=\"_blank\" rel=\"noopener\"><img loading=\"lazy\" decoding=\"async\" class=\"alignleft wp-image-157 size-full\" src=\"http:\/\/ultimato.com.br\/sites\/serie-ultimato-50-anos\/files\/npjv_p.jpg\" alt=\"\" width=\"215\" height=\"250\"><\/a><\/p>\n<p>&nbsp;<\/p>\n<p><strong>N\u00e3o Perca Jesus de Vista<\/strong> foi escrito para desenferrujar a igreja crist\u00e3 e trazer de volta o Jesus dos Evangelhos para dentro das comunidades crist\u00e3s. Para resgatar a imagem de Jesus Cristo ante os olhos dos crist\u00e3os e lembrar-lhes que o in\u00edcio, meio e fim do cristianismo continua sendo Jesus, sua encarna\u00e7\u00e3o, sua morte e sua ressurrei\u00e7\u00e3o.<\/p>\n<p>Perder Jesus de vista n\u00e3o \u00e9 negar o seu nome ou a sua presen\u00e7a na hist\u00f3ria. \u00c9 n\u00e3o acreditar no Jesus das Escrituras Sagradas. O crist\u00e3o perde Jesus de vista quando n\u00e3o nega a si mesmo e vive \u00e0 sua pr\u00f3pria maneira.<\/p>\n<p>Este livro lembra ao leitor que Jesus \u00e9 a \u201cpedra angular que sustenta todo o edif\u00edcio\u201d e a fonte de alegria e entusiasmo para todos os seus seguidores.<\/p>\n<p>&nbsp;<\/p>\n<p><strong>FICHA T\u00c9CNICA<br \/>\n<\/strong><strong>P\u00e1ginas:<\/strong>&nbsp;120<br \/>\n<strong>ISBN\u200b:<\/strong> \u200b978-85-86539-26-8<br \/>\n<strong>Formato:<\/strong> 14&#215;21 cm<br \/>\n<strong>Pre\u00e7o:<\/strong> R$ 29,90<br \/>\n<a title=\"Compre\" href=\"http:\/\/www.ultimato.com.br\/loja\/produtos\/nao-perca-jesus-de-vista\" target=\"_blank\" rel=\"noopener\"><img loading=\"lazy\" decoding=\"async\" class=\"alignnone\" src=\"http:\/\/www.ultimato.com.br\/image\/banners\/2011\/quero_comprar.jpg\" alt=\"Quero comprar\" width=\"113\" height=\"25\" border=\"0\"><\/a><\/p>\n<h5>&nbsp;<\/h5>\n<h5><strong>Leia um trecho:<\/strong><\/h5>\n<p><iframe loading=\"lazy\" src=\"\/\/e.issuu.com\/embed.html#1270802\/59263777\" width=\"100%\" height=\"475\" frameborder=\"0\" allowfullscreen=\"allowfullscreen\">&amp;amp;amp;amp;lt;span data-mce-type=&#8221;bookmark&#8221; style=&#8221;display: inline-block; width: 0px; overflow: hidden; line-height: 0;&#8221; class=&#8221;mce_SELRES_start&#8221;&amp;amp;amp;amp;gt;\ufeff&amp;amp;amp;amp;lt;\/span&amp;amp;amp;amp;gt;&amp;amp;amp;amp;amp;amp;amp;amp;amp;amp;amp;amp;lt;span data-mce-type=&#8221;bookmark&#8221; style=&#8221;display: inline-block; width: 0px; overflow: hidden; line-height: 0;&#8221; class=&#8221;mce_SELRES_start&#8221;&amp;amp;amp;amp;amp;amp;amp;amp;amp;amp;amp;amp;gt;\ufeff&amp;amp;amp;amp;amp;amp;amp;amp;amp;amp;amp;amp;lt;\/span&amp;amp;amp;amp;amp;amp;amp;amp;amp;amp;amp;amp;gt;<\/iframe><\/p>\n<p>&nbsp;<\/p>\n<h5><strong>Release:<\/strong><\/h5>\n<p>Aqui est\u00e1 o press-release do livro <strong>N\u00e3o Perca Jesus de Vista<\/strong>&nbsp;para voc\u00ea divulgar no seu site, blog, jornal ou outro meio de comunica\u00e7\u00e3o do seu acesso. Ajude-nos a espalhar este conte\u00fado!<\/p>\n<p>\u2013 Arquivo em <a href=\"http:\/\/ultimato.com.br\/sites\/serie-ultimato-50-anos\/files\/Release_50Anos_Nao_Perca_Jesus.pdf\" target=\"_blank\" rel=\"noopener\">PDF<\/a>.<\/p>\n","protected":false},"excerpt":{"rendered":"<p>N\u00e3o Perca Jesus de Vista &nbsp; N\u00e3o Perca Jesus de Vista foi escrito para desenferrujar a igreja crist\u00e3 e trazer de volta o Jesus dos Evangelhos para dentro das comunidades crist\u00e3s. Para resgatar a imagem de Jesus Cristo ante os &hellip; <a href=\"https:\/\/ultimato.com.br\/sites\/serie-ultimato-50-anos\/nao-perca-jesus-de-vista\/\">Conte\u00fado<\/a><\/p>\n","protected":false},"author":24,"featured_media":0,"parent":0,"menu_order":0,"comment_status":"closed","ping_status":"closed","template":"","meta":{"ngg_post_thumbnail":0,"footnotes":""},"class_list":["post-289","page","type-page","status-publish","hentry"],"_links":{"self":[{"href":"https:\/\/ultimato.com.br\/sites\/serie-ultimato-50-anos\/wp-json\/wp\/v2\/pages\/289","targetHints":{"allow":["GET"]}}],"collection":[{"href":"https:\/\/ultimato.com.br\/sites\/serie-ultimato-50-anos\/wp-json\/wp\/v2\/pages"}],"about":[{"href":"https:\/\/ultimato.com.br\/sites\/serie-ultimato-50-anos\/wp-json\/wp\/v2\/types\/page"}],"author":[{"embeddable":true,"href":"https:\/\/ultimato.com.br\/sites\/serie-ultimato-50-anos\/wp-json\/wp\/v2\/users\/24"}],"replies":[{"embeddable":true,"href":"https:\/\/ultimato.com.br\/sites\/serie-ultimato-50-anos\/wp-json\/wp\/v2\/comments?post=289"}],"version-history":[{"count":6,"href":"https:\/\/ultimato.com.br\/sites\/serie-ultimato-50-anos\/wp-json\/wp\/v2\/pages\/289\/revisions"}],"predecessor-version":[{"id":345,"href":"https:\/\/ultimato.com.br\/sites\/serie-ultimato-50-anos\/wp-json\/wp\/v2\/pages\/289\/revisions\/345"}],"wp:attachment":[{"href":"https:\/\/ultimato.com.br\/sites\/serie-ultimato-50-anos\/wp-json\/wp\/v2\/media?parent=289"}],"curies":[{"name":"wp","href":"https:\/\/api.w.org\/{rel}","templated":true}]}}