{"id":14,"date":"2013-10-30T20:33:05","date_gmt":"2013-10-30T20:33:05","guid":{"rendered":"http:\/\/ultimato.com.br\/sites\/refeicoes-diarias-com-os-discipulos\/?page_id=14"},"modified":"2013-11-12T11:49:37","modified_gmt":"2013-11-12T11:49:37","slug":"o-livro","status":"publish","type":"page","link":"https:\/\/ultimato.com.br\/sites\/refeicoes-diarias-com-os-discipulos\/","title":{"rendered":"O livro"},"content":{"rendered":"<p><iframe loading=\"lazy\" src=\"\/\/www.youtube.com\/embed\/YPcBYp5Nz_k?list=UUtCeY6ztLZ70EELiDuY1RpA\" height=\"315\" width=\"560\" allowfullscreen=\"\" frameborder=\"0\"><\/iframe><\/p>\n<p dir=\"ltr\"><strong>Refei\u00e7\u00f5es Di\u00e1rias com os Disc\u00edpulos<\/strong> \u00e9, como o nome indica, uma esp\u00e9cie de \u2018prato cheio\u2019 compartilhado pelos disc\u00edpulos com os leitores. O autor convida o leitor para sentar-se \u00e0 mesa com aqueles que primeiro repartiram o p\u00e3o com o Senhor. Afinal, eles ouviram, tocaram e viram Jesus. E n\u00e3o poderiam guardar somente para eles tudo que experimentaram.<\/p>\n<p><strong>Refei\u00e7\u00f5es Di\u00e1rias com os Disc\u00edpulos<\/strong> re\u00fane as cartas de Pedro, Tiago, Jo\u00e3o e Judas, e nos torna mais pr\u00f3ximos das experi\u00eancias e do ensino daquele de quem os disc\u00edpulos primeiro receberam e em quem creram.<\/p>\n<blockquote><p>\u00a0A arte de ler a B\u00edblia e orar regularmente, principais ingredientes de uma vida crist\u00e3 saud\u00e1vel, \u00e9 uma preciosa heran\u00e7a da Reforma Protestante. Para um grande n\u00famero de fi\u00e9is, esse h\u00e1bito \u00e9 uma obriga\u00e7\u00e3o. Para muitos, essa obriga\u00e7\u00e3o foi transformada em proveitoso prazer. Foi isso que aconteceu comigo. A fartura de alimento espiritual \u00e9 tanta, que tenho um desejo quase incontido de repartir um pouco do man\u00e1 celestial com amigos e leitores.<\/p><\/blockquote>\n<p>Elben C\u00e9sar<\/p>\n","protected":false},"excerpt":{"rendered":"<p>Refei\u00e7\u00f5es Di\u00e1rias com os Disc\u00edpulos \u00e9, como o nome indica, uma esp\u00e9cie de \u2018prato cheio\u2019 compartilhado pelos disc\u00edpulos com os leitores. O autor convida o leitor para sentar-se \u00e0 mesa com aqueles que primeiro repartiram o p\u00e3o com o Senhor. Afinal, eles ouviram, tocaram e viram Jesus. E n\u00e3o poderiam guardar somente para eles tudo [&hellip;]<\/p>\n","protected":false},"author":24,"featured_media":0,"parent":0,"menu_order":0,"comment_status":"open","ping_status":"open","template":"","meta":{"footnotes":""},"class_list":["post-14","page","type-page","status-publish","hentry"],"_links":{"self":[{"href":"https:\/\/ultimato.com.br\/sites\/refeicoes-diarias-com-os-discipulos\/wp-json\/wp\/v2\/pages\/14","targetHints":{"allow":["GET"]}}],"collection":[{"href":"https:\/\/ultimato.com.br\/sites\/refeicoes-diarias-com-os-discipulos\/wp-json\/wp\/v2\/pages"}],"about":[{"href":"https:\/\/ultimato.com.br\/sites\/refeicoes-diarias-com-os-discipulos\/wp-json\/wp\/v2\/types\/page"}],"author":[{"embeddable":true,"href":"https:\/\/ultimato.com.br\/sites\/refeicoes-diarias-com-os-discipulos\/wp-json\/wp\/v2\/users\/24"}],"replies":[{"embeddable":true,"href":"https:\/\/ultimato.com.br\/sites\/refeicoes-diarias-com-os-discipulos\/wp-json\/wp\/v2\/comments?post=14"}],"version-history":[{"count":6,"href":"https:\/\/ultimato.com.br\/sites\/refeicoes-diarias-com-os-discipulos\/wp-json\/wp\/v2\/pages\/14\/revisions"}],"predecessor-version":[{"id":62,"href":"https:\/\/ultimato.com.br\/sites\/refeicoes-diarias-com-os-discipulos\/wp-json\/wp\/v2\/pages\/14\/revisions\/62"}],"wp:attachment":[{"href":"https:\/\/ultimato.com.br\/sites\/refeicoes-diarias-com-os-discipulos\/wp-json\/wp\/v2\/media?parent=14"}],"curies":[{"name":"wp","href":"https:\/\/api.w.org\/{rel}","templated":true}]}}