{"id":123,"date":"2011-04-12T16:09:28","date_gmt":"2011-04-12T19:09:28","guid":{"rendered":"http:\/\/ultimato.com.br\/sites\/discipulo-radical\/"},"modified":"2011-04-26T16:10:31","modified_gmt":"2011-04-26T19:10:31","slug":"90-anos","status":"publish","type":"page","link":"https:\/\/ultimato.com.br\/sites\/discipulo-radical\/90-anos\/","title":{"rendered":"90 anos"},"content":{"rendered":"<p><a href=\"http:\/\/ultimato.com.br\/sites\/discipulo-radical\/files\/2011\/04\/Stott.jpg\" class=\"lightview\" data-lightview-group=\"group-123\" data-lightview-options=\"skin: 'dark', controls: 'relative', padding: '10', shadow: { color: '#000000', opacity: 0.08, blur: 3 }\" data-lightview-title=\"Stott\"><img loading=\"lazy\" decoding=\"async\" class=\"alignright size-medium wp-image-134\" title=\"Stott\" src=\"http:\/\/ultimato.com.br\/sites\/discipulo-radical\/files\/2011\/04\/Stott-249x300.jpg\" alt=\"\" width=\"174\" height=\"210\" srcset=\"https:\/\/ultimato.com.br\/sites\/discipulo-radical\/files\/2011\/04\/Stott-249x300.jpg 249w, https:\/\/ultimato.com.br\/sites\/discipulo-radical\/files\/2011\/04\/Stott.jpg 399w\" sizes=\"auto, (max-width: 174px) 100vw, 174px\" \/><\/a>No dia 27 de abril John Stott, um dos mais influentes escritores crist\u00e3os de nossa \u00e9poca, completar\u00e1 90 anos. Este \u00e9, sem d\u00favida, um enorme motivo para celebrar. Ultimato quer fazer parte desta celebra\u00e7\u00e3o e convidar voc\u00ea a juntar-se a n\u00f3s nesta singela homenagem.<\/p>\n<p>Se voc\u00ea j\u00e1 leu algum livro do autor, certamente foi impactado por seu conte\u00fado simples e profundo. Escreva abaixo (no espa\u00e7o dos coment\u00e1rios) qual foi o livro de John Sttot que mais marcou sua caminhada crist\u00e3 e o porqu\u00ea. Assim, celebraremos juntos o anivers\u00e1rio do escritor que tem aben\u00e7oado a vida de muitos. John Stott ser\u00e1 informado desta celebra\u00e7\u00e3o.<\/p>\n","protected":false},"excerpt":{"rendered":"<p>No dia 27 de abril John Stott, um dos mais influentes escritores crist\u00e3os de nossa \u00e9poca, completar\u00e1 90 anos. Este \u00e9, sem d\u00favida, um enorme motivo para celebrar. Ultimato quer fazer parte desta celebra\u00e7\u00e3o e convidar voc\u00ea a juntar-se a n\u00f3s nesta singela homenagem. Se voc\u00ea j\u00e1 leu algum livro do autor, certamente foi impactado [&hellip;]<\/p>\n","protected":false},"author":8,"featured_media":0,"parent":0,"menu_order":6,"comment_status":"open","ping_status":"open","template":"","meta":{"footnotes":""},"class_list":["post-123","page","type-page","status-publish","hentry"],"_links":{"self":[{"href":"https:\/\/ultimato.com.br\/sites\/discipulo-radical\/wp-json\/wp\/v2\/pages\/123","targetHints":{"allow":["GET"]}}],"collection":[{"href":"https:\/\/ultimato.com.br\/sites\/discipulo-radical\/wp-json\/wp\/v2\/pages"}],"about":[{"href":"https:\/\/ultimato.com.br\/sites\/discipulo-radical\/wp-json\/wp\/v2\/types\/page"}],"author":[{"embeddable":true,"href":"https:\/\/ultimato.com.br\/sites\/discipulo-radical\/wp-json\/wp\/v2\/users\/8"}],"replies":[{"embeddable":true,"href":"https:\/\/ultimato.com.br\/sites\/discipulo-radical\/wp-json\/wp\/v2\/comments?post=123"}],"version-history":[{"count":9,"href":"https:\/\/ultimato.com.br\/sites\/discipulo-radical\/wp-json\/wp\/v2\/pages\/123\/revisions"}],"predecessor-version":[{"id":132,"href":"https:\/\/ultimato.com.br\/sites\/discipulo-radical\/wp-json\/wp\/v2\/pages\/123\/revisions\/132"}],"wp:attachment":[{"href":"https:\/\/ultimato.com.br\/sites\/discipulo-radical\/wp-json\/wp\/v2\/media?parent=123"}],"curies":[{"name":"wp","href":"https:\/\/api.w.org\/{rel}","templated":true}]}}