{"id":2,"date":"2014-02-26T04:21:56","date_gmt":"2014-02-26T04:21:56","guid":{"rendered":"http:\/\/ultimato.com.br\/sites\/dignidade\/?page_id=2"},"modified":"2024-01-08T09:58:36","modified_gmt":"2024-01-08T09:58:36","slug":"quem-somos-2","status":"publish","type":"page","link":"https:\/\/ultimato.com.br\/sites\/dignidade\/quem-somos-2\/","title":{"rendered":"CONTATO"},"content":{"rendered":"<div id=\"attachment_120\" style=\"width: 310px\" class=\"wp-caption alignright\"><a href=\"https:\/\/ultimato.com.br\/sites\/dignidade\/files\/2014\/03\/consulta.jpg\"><img loading=\"lazy\" decoding=\"async\" aria-describedby=\"caption-attachment-120\" class=\"size-medium wp-image-120\" src=\"https:\/\/ultimato.com.br\/sites\/dignidade\/files\/2014\/03\/consulta-300x221.jpg\" alt=\"\" width=\"300\" height=\"221\" srcset=\"https:\/\/ultimato.com.br\/sites\/dignidade\/files\/2014\/03\/consulta-300x221.jpg 300w, https:\/\/ultimato.com.br\/sites\/dignidade\/files\/2014\/03\/consulta-1024x756.jpg 1024w, https:\/\/ultimato.com.br\/sites\/dignidade\/files\/2014\/03\/consulta-150x110.jpg 150w, https:\/\/ultimato.com.br\/sites\/dignidade\/files\/2014\/03\/consulta.jpg 1812w\" sizes=\"auto, (max-width: 300px) 100vw, 300px\" \/><\/a><p id=\"caption-attachment-120\" class=\"wp-caption-text\">Na hist\u00f3ria \u201cDe onde vir\u00e1 o meu socorro?\u201d, a igreja promove consulta para identificar as necessidades da comunidade em que est\u00e1 inserida.<\/p><\/div>\n<p>O Blog Dignidade! \u00e9 uma reuni\u00e3o de reflex\u00f5es, notas, not\u00edcias, al\u00e9m de mat\u00e9rias mais extensas e, n\u00e3o apenas &#8216;reposit\u00f3rio&#8217; de conte\u00fado, mas um ponto de encontro e conex\u00f5es com os leitores.<\/p>\n<p>Queremos resgatar textos e documentos antigos, desconhecidos, not\u00edcias sobre pesquisas, oportunidades e eventos relacionados ao tema. Tamb\u00e9m vamos contar \u201chist\u00f3rias de vida\u201d (vida em comunidade; vida para a comunidade), al\u00e9m de outros servi\u00e7os e informa\u00e7\u00f5es. Venha sempre nos vistar e deixe a sua opini\u00e3o!<\/p>\n<p>Leia <a href=\"https:\/\/ultimato.com.br\/sites\/dignidade\/2014\/03\/13\/de-onde-me-vira-o-socorro-sobre-as-imagens-do-blog-dignidade\/\">aqui<\/a> sobre as imagens evang\u00e9licas hist\u00f3ricas que inspiram o Blog Dignidade.<\/p>\n<p>Siga tamb\u00e9m a p\u00e1gina do\u00a0<a href=\"https:\/\/www.facebook.com\/BlogDignidade\/\">Blog Dignidade<\/a>, no Facebook. As opini\u00f5es expressas nesse Blog s\u00e3o de responsabilidade exclusiva dos autores.<\/p>\n<p>Para entrar em contato com a equipe, escreva para <span style=\"color: #0000ff;\">marcus.cine@gmail.com<\/span>.<\/p>\n<p>&nbsp;<\/p>\n<p><b>PARA QU\u00ca?<\/b><br \/>\n<b><\/b><\/p>\n<p>O objetivo do Blog Dignidade! \u00e9 trazer para o espa\u00e7o virtual uma discuss\u00e3o qualificada sobre temas cotidianos da sociedade numa perspectiva crist\u00e3, tendo como eixo norteador a tem\u00e1tica da dignidade humana e temas correlatos como: direitos humanos, cidadania, participa\u00e7\u00e3o\/controle social e justi\u00e7a social.<\/p>\n<p>A abordagem deste blog se prop\u00f5e a ter como eixo anal\u00edtico quest\u00f5es cotidianas das vida em sociedade e sua pr\u00e1xis, al\u00e9m de dialogar com conhecimentos e abordagens do campo das Ci\u00eancias Humanas e Sociais, sempre em di\u00e1logo e sob inspira\u00e7\u00e3o da abordagem b\u00edblica. Di\u00e1logo que se d\u00e1 menos por uma chave teol\u00f3gica\/filos\u00f3fica e mais numa perspectiva devocional\/pastoral.<\/p>\n<p>&nbsp;<\/p>\n<p><strong>QUEM?<\/strong><\/p>\n<p>Este Blog \u00e9 uma iniciativa coletiva, pois acreditamos que o somat\u00f3rio de v\u00e1rias vozes, perspectivas e experi\u00eancias \u00e9 fundamental para nossa reflex\u00e3o, como tamb\u00e9m para nossa a\u00e7\u00e3o. Conhe\u00e7a a Equipe do Blog:<\/p>\n<p><a href=\"https:\/\/ultimato.com.br\/sites\/dignidade\/files\/2022\/08\/fsoivOo_400x400.jpeg\"><img loading=\"lazy\" decoding=\"async\" class=\"alignleft wp-image-871\" src=\"https:\/\/ultimato.com.br\/sites\/dignidade\/files\/2022\/08\/fsoivOo_400x400-300x300.jpeg\" alt=\"\" width=\"149\" height=\"149\" srcset=\"https:\/\/ultimato.com.br\/sites\/dignidade\/files\/2022\/08\/fsoivOo_400x400-300x300.jpeg 300w, https:\/\/ultimato.com.br\/sites\/dignidade\/files\/2022\/08\/fsoivOo_400x400-150x150.jpeg 150w, https:\/\/ultimato.com.br\/sites\/dignidade\/files\/2022\/08\/fsoivOo_400x400.jpeg 400w\" sizes=\"auto, (max-width: 149px) 100vw, 149px\" \/><\/a><\/p>\n<p>&nbsp;<\/p>\n<p><strong>Alexandre Brasil Fonseca<\/strong> \u2013 Soci\u00f3logo, doutor em sociologia (USP), com p\u00f3s-doutorado pela Universidade de Barcelona (Espanha), professor associado do NUTES\/UFRJ, e Pro-Reitor de Pessoal da UFRJ. <span style=\"font-weight: 400;\">Presidente da <a href=\"https:\/\/pazesperanca.org\/\">Paz e Esperan\u00e7a Brasil<\/a>, uma organiza\u00e7\u00e3o crist\u00e3 de defesa dos Direitos Humanos na Am\u00e9rica Latina. <\/span>Foi Secret\u00e1rio Geral Adjunto da Alian\u00e7a B\u00edblica Universit\u00e1ria do Brasil (ABUB) e fundador da Rede FALE. Casado com Daniela e pai de Daniel. Siga no Twitter: @alexandrebrasil<\/p>\n<p>&nbsp;<\/p>\n<p><a href=\"https:\/\/ultimato.com.br\/sites\/dignidade\/files\/2022\/08\/Daniela-AaQIoxsk_400x400.jpeg\"><img loading=\"lazy\" decoding=\"async\" class=\"alignleft wp-image-870\" src=\"https:\/\/ultimato.com.br\/sites\/dignidade\/files\/2022\/08\/Daniela-AaQIoxsk_400x400-300x300.jpeg\" alt=\"\" width=\"155\" height=\"155\" srcset=\"https:\/\/ultimato.com.br\/sites\/dignidade\/files\/2022\/08\/Daniela-AaQIoxsk_400x400-300x300.jpeg 300w, https:\/\/ultimato.com.br\/sites\/dignidade\/files\/2022\/08\/Daniela-AaQIoxsk_400x400-150x150.jpeg 150w, https:\/\/ultimato.com.br\/sites\/dignidade\/files\/2022\/08\/Daniela-AaQIoxsk_400x400.jpeg 400w\" sizes=\"auto, (max-width: 155px) 100vw, 155px\" \/><\/a><strong>Daniela Frozi<\/strong> \u2013 Doutora (<span style=\"font-weight: 400;\">PhD) em Nutri\u00e7\u00e3o pela UFRJ e Mestre em Alimentos e Nutri\u00e7\u00e3o pela UNICAMP. <\/span><span style=\"font-weight: 400;\">Diretora Executiva do <a href=\"https:\/\/djanira.com.br\/\">Djanira Instituto de Pesquisa e Ensino<\/a>.\u00a0<\/span><span style=\"font-weight: 400;\">\u00c9 Membra da coordena\u00e7\u00e3o executiva da Rede Brasileira de Pesquisa em Soberania e Seguran\u00e7a Alimentar e Nutricional (RBSSAN) e foi Coordenadora de Comiss\u00e3o Permanente do Direito Humano a Alimenta\u00e7\u00e3o Adequada (CONSEA nacional 2017-2019).\u00a0<\/span><span style=\"font-weight: 400;\">Atua como consultora da tem\u00e1tica de Seguran\u00e7a Alimentar e Nutricional para OPAS, PNUD e IICA\/MCTII, e \u00e9 membro da Conselho Consultivo da Rede FALE de Defesa de Direitos.\u00a0<\/span>Casada com Alexandre e m\u00e3e de Daniel. Siga no Twitter: @DanielaFrozi<\/p>\n<p>&nbsp;<\/p>\n<p><a href=\"https:\/\/ultimato.com.br\/sites\/dignidade\/files\/2021\/12\/WhatsApp-Image-2021-12-29-at-09.09.03.jpeg\"><img loading=\"lazy\" decoding=\"async\" class=\"alignleft wp-image-821 \" src=\"https:\/\/ultimato.com.br\/sites\/dignidade\/files\/2021\/12\/WhatsApp-Image-2021-12-29-at-09.09.03-e1661383995577-300x294.jpeg\" alt=\"\" width=\"160\" height=\"157\" srcset=\"https:\/\/ultimato.com.br\/sites\/dignidade\/files\/2021\/12\/WhatsApp-Image-2021-12-29-at-09.09.03-e1661383995577-300x294.jpeg 300w, https:\/\/ultimato.com.br\/sites\/dignidade\/files\/2021\/12\/WhatsApp-Image-2021-12-29-at-09.09.03-e1661383995577-732x717.jpeg 732w, https:\/\/ultimato.com.br\/sites\/dignidade\/files\/2021\/12\/WhatsApp-Image-2021-12-29-at-09.09.03-e1661383995577.jpeg 768w\" sizes=\"auto, (max-width: 160px) 100vw, 160px\" \/><\/a><strong>Marcus Vinicius Matos<\/strong> &#8211; \u00e9 professor efetivo (Lecturer) de Direito P\u00fablico em\u00a0<a href=\"https:\/\/www.brunel.ac.uk\/law\">Brunel University<\/a>, no Reino Unido. \u00c9 doutor em Direito pelo Birkbeck College, mestre e bacharel em Direito pela\u00a0<a href=\"https:\/\/ufrj.br\/\">Universidade Federal do Rio de Janeiro<\/a>\u00a0(UFRJ). \u00c9 membro honor\u00e1rio do\u00a0<a href=\"https:\/\/www.iabnacional.org.br\/\">Instituto dos Advogados Brasileiros<\/a>\u00a0(IAB), e colaborador de\u00a0<a href=\"http:\/\/pazesperanca.org\/\">Paz e Esperan\u00e7a.<\/a>\u00a0\u00c9 membro da \u00a0Diretoria Nacional da Alian\u00e7a B\u00edlbica Universit\u00e1ria do Brasil (<a href=\"http:\/\/www.abub.org.br\/\">ABUB<\/a>), e membro fundador da Rede Crist\u00e3 de Advocacia Popular, a\u00a0<a href=\"http:\/\/advocaciapopularcrista.com.br\/\">RECAP<\/a>. \u00c9 casado com Priscila Vieira, e pai de Aurora. Siga no Instagram e Twitter: <a href=\"https:\/\/www.instagram.com\/mvdematos\/\">@mvdematos<\/a>.<\/p>\n<p>&nbsp;<\/p>\n<p><a href=\"https:\/\/ultimato.com.br\/sites\/dignidade\/files\/2022\/08\/Priscila-1_kB7YPrjLiQlzANW1OI2dpg.jpeg\"><img loading=\"lazy\" decoding=\"async\" class=\"alignleft wp-image-868 \" src=\"https:\/\/ultimato.com.br\/sites\/dignidade\/files\/2022\/08\/Priscila-1_kB7YPrjLiQlzANW1OI2dpg-e1661384076667-283x300.jpeg\" alt=\"\" width=\"162\" height=\"172\" srcset=\"https:\/\/ultimato.com.br\/sites\/dignidade\/files\/2022\/08\/Priscila-1_kB7YPrjLiQlzANW1OI2dpg-e1661384076667-283x300.jpeg 283w, https:\/\/ultimato.com.br\/sites\/dignidade\/files\/2022\/08\/Priscila-1_kB7YPrjLiQlzANW1OI2dpg-e1661384076667.jpeg 679w\" sizes=\"auto, (max-width: 162px) 100vw, 162px\" \/><\/a><\/p>\n<p><strong>Priscila Vieira<\/strong> &#8211; Jornalista, doutora em comunica\u00e7\u00e3o (UFRJ). Foi pesquisadora de p\u00f3s-doutorado no Programa de P\u00f3s-gradua\u00e7\u00e3o em Comunica\u00e7\u00e3o e Cultural (PPGCOM\/UFRJ). Pesquisadora Visitante no Institute of Communities and Societis (ICS). \u00c9 autora de <a href=\"https:\/\/livrariaintersaberes.com.br\/produtos\/imagens-da-america-latina-midia-cultura-e-direitos-humanos\/\">Imagens da Am\u00e9rica Latina: M\u00eddia, Cultura e Direitos Humanos.<\/a>\u00a0 \u00c9 consultora no mercado editorial, e atua no Comit\u00ea Executivo da ABU Editora. Frequenta St. Margareths Uxbridge, Igreja Anglicana. Casada com Marcus Vinicius. Siga no Twitter: @Pri_vis<\/p>\n","protected":false},"excerpt":{"rendered":"<p>O Blog Dignidade! \u00e9 uma reuni\u00e3o de reflex\u00f5es, notas, not\u00edcias, al\u00e9m de mat\u00e9rias mais extensas e, n\u00e3o apenas &#8216;reposit\u00f3rio&#8217; de conte\u00fado, mas um ponto de encontro e conex\u00f5es com os leitores. Queremos resgatar textos e documentos antigos, desconhecidos, not\u00edcias sobre pesquisas, oportunidades e eventos relacionados ao tema. Tamb\u00e9m vamos contar \u201chist\u00f3rias de vida\u201d (vida em [&hellip;]<\/p>\n","protected":false},"author":24,"featured_media":0,"parent":0,"menu_order":0,"comment_status":"closed","ping_status":"closed","template":"","meta":{"ngg_post_thumbnail":0,"footnotes":""},"class_list":["post-2","page","type-page","status-publish","hentry"],"_links":{"self":[{"href":"https:\/\/ultimato.com.br\/sites\/dignidade\/wp-json\/wp\/v2\/pages\/2","targetHints":{"allow":["GET"]}}],"collection":[{"href":"https:\/\/ultimato.com.br\/sites\/dignidade\/wp-json\/wp\/v2\/pages"}],"about":[{"href":"https:\/\/ultimato.com.br\/sites\/dignidade\/wp-json\/wp\/v2\/types\/page"}],"author":[{"embeddable":true,"href":"https:\/\/ultimato.com.br\/sites\/dignidade\/wp-json\/wp\/v2\/users\/24"}],"replies":[{"embeddable":true,"href":"https:\/\/ultimato.com.br\/sites\/dignidade\/wp-json\/wp\/v2\/comments?post=2"}],"version-history":[{"count":8,"href":"https:\/\/ultimato.com.br\/sites\/dignidade\/wp-json\/wp\/v2\/pages\/2\/revisions"}],"predecessor-version":[{"id":969,"href":"https:\/\/ultimato.com.br\/sites\/dignidade\/wp-json\/wp\/v2\/pages\/2\/revisions\/969"}],"wp:attachment":[{"href":"https:\/\/ultimato.com.br\/sites\/dignidade\/wp-json\/wp\/v2\/media?parent=2"}],"curies":[{"name":"wp","href":"https:\/\/api.w.org\/{rel}","templated":true}]}}