{"id":2,"date":"2010-08-10T13:54:30","date_gmt":"2010-08-10T13:54:30","guid":{"rendered":"http:\/\/ultimato.com.br\/blogs\/amorese\/?page_id=2"},"modified":"2015-09-15T11:25:43","modified_gmt":"2015-09-15T14:25:43","slug":"sobre","status":"publish","type":"page","link":"https:\/\/ultimato.com.br\/sites\/amorese\/sobre\/","title":{"rendered":"Sobre mim"},"content":{"rendered":"<p><strong>Estudos<\/strong><\/p>\n<p>Sou formado em Comunica\u00e7\u00e3o Social, pela UERJ (na \u00e9poca, UEG).<\/p>\n<p>Tenho curso de Literatura Francesa (Alian\u00e7a Francesa), no Rio de Janeiro.<\/p>\n<p>Tenho  mestrado em Comunica\u00e7\u00e3o, pela Universidade de Bras\u00edlia (UnB), e p\u00f3s-gradua\u00e7\u00e3o  em Inform\u00e1tica na Universidade Cat\u00f3lica de Bras\u00edlia.<\/p>\n<p>Fui professor na Faculdade Teol\u00f3gica Batista de Bras\u00edlia (FTBB) de 1982 a 2000.<\/p>\n<p>Tenho alguns cursos formais (e b\u00e1sicos) de m\u00fasica, mas componho e toco de ouvido.<\/p>\n<p>Teologia,  Comunica\u00e7\u00e3o e M\u00fasica formam minha arena existencial. Essas tr\u00eas \u00e1reas, na  minha vida, t\u00eam significado uma coisa s\u00f3: cora\u00e7\u00e3o. A <strong>Teologia<\/strong> me revela  um Deus que conhece meu nome e gosta de mim, apesar de saber muito bem quem sou; a <strong>Comunica\u00e7\u00e3o<\/strong> me diz que ele, pelo m\u00e9todo da encarna\u00e7\u00e3o, estabeleceu uma realidade em comum com a minha; e a <strong>M\u00fasica<\/strong> \u00e9 a melhor resposta que tenho.<\/p>\n<div id=\"id6\">\n<div>\n<div>\n<p><strong>Atividades<\/strong><\/p>\n<p>Sou presb\u00edtero na Igreja Presbiteriana do Planalto &#8211; IPP, em Bras\u00edlia.<\/p>\n<p>Sou membro da Fraternidade Teol\u00f3gica Latino-americana &#8211; FTL<\/p>\n<p>Fui presidente da Miss\u00e3o Social Evang\u00e9lica &#8211; Comunicarte.<\/p>\n<p>Fui presidente do Diret\u00f3rio Regional da Sociedade B\u00edblica do Brasil (98-99).<\/p>\n<p>Sou autor de alguns livros. Confira no quadro \u00e0 esquerda.<\/p>\n<p>Tenho uma coluna na Revista Ultimato, chamada &#8220;Ponto Final&#8221;.<\/p>\n<p>Fui Consultor Legislativo no Senado Federal.<\/p>\n<p>Fui  diretor de inform\u00e1tica do PRODASEN &#8211; Centro de Inform\u00e1tica e  Processamento de Dados do Senado Federal (1991-94), e depois membro do  seu Conselho de Supervis\u00e3o (95-2000).<\/p>\n<p>Tenho trabalhado, nas horas de folga, com a <a title=\"http:\/\/www.amorese.com.br\/GENEALOGIA\/wc_toc.html\" href=\"http:\/\/www.amorese.com.br\/GENEALOGIA\/wc_toc.html\">genealogia<\/a> da fam\u00edlia.<\/p>\n<\/div>\n<\/div>\n<\/div>\n","protected":false},"excerpt":{"rendered":"<p>Estudos<br \/>\nSou formado em Comunica\u00e7\u00e3o Social, pela UERJ (na \u00e9poca, UEG).<br \/>\nTenho curso de Literatura Francesa (Alian\u00e7a Francesa), no Rio de Janeiro.<br \/>\nTenho  mestrado em Comunica\u00e7\u00e3o, pela Universidade de Bras\u00edlia (UnB), e p\u00f3s-gradua\u00e7\u00e3o  em Inform\u00e1tica na Universidade Cat\u00f3lica de Bras\u00edlia.<br \/>\nFui professor na Faculdade Teol\u00f3gica Batista de Bras\u00edlia (FTBB) de 1982 a 2000.<br \/>\nTenho alguns cursos formais (e [&#8230;]<\/p>\n","protected":false},"author":1,"featured_media":0,"parent":0,"menu_order":0,"comment_status":"open","ping_status":"open","template":"","meta":{"footnotes":""},"class_list":["post-2","page","type-page","status-publish","hentry"],"_links":{"self":[{"href":"https:\/\/ultimato.com.br\/sites\/amorese\/wp-json\/wp\/v2\/pages\/2","targetHints":{"allow":["GET"]}}],"collection":[{"href":"https:\/\/ultimato.com.br\/sites\/amorese\/wp-json\/wp\/v2\/pages"}],"about":[{"href":"https:\/\/ultimato.com.br\/sites\/amorese\/wp-json\/wp\/v2\/types\/page"}],"author":[{"embeddable":true,"href":"https:\/\/ultimato.com.br\/sites\/amorese\/wp-json\/wp\/v2\/users\/1"}],"replies":[{"embeddable":true,"href":"https:\/\/ultimato.com.br\/sites\/amorese\/wp-json\/wp\/v2\/comments?post=2"}],"version-history":[{"count":5,"href":"https:\/\/ultimato.com.br\/sites\/amorese\/wp-json\/wp\/v2\/pages\/2\/revisions"}],"predecessor-version":[{"id":1474,"href":"https:\/\/ultimato.com.br\/sites\/amorese\/wp-json\/wp\/v2\/pages\/2\/revisions\/1474"}],"wp:attachment":[{"href":"https:\/\/ultimato.com.br\/sites\/amorese\/wp-json\/wp\/v2\/media?parent=2"}],"curies":[{"name":"wp","href":"https:\/\/api.w.org\/{rel}","templated":true}]}}