{"id":6,"date":"2014-04-09T17:21:03","date_gmt":"2014-04-09T17:21:03","guid":{"rendered":"http:\/\/ultimato.com.br\/sites\/a-morte-da-razao\/?page_id=6"},"modified":"2014-04-09T17:27:16","modified_gmt":"2014-04-09T17:27:16","slug":"o-que-disseram","status":"publish","type":"page","link":"https:\/\/ultimato.com.br\/sites\/a-morte-da-razao\/o-que-disseram\/","title":{"rendered":"O que disseram"},"content":{"rendered":"<blockquote><p>Qual ser\u00e1 a longo prazo a import\u00e2ncia de Francis Schaeffer? Tenho certeza [&#8230;] de que n\u00e3o estarei errado ao saudar Francis Schaeffer \u2013 que enxergou bem mais do que a maioria de n\u00f3s e agonizou sobre a sua percep\u00e7\u00e3o bem mais intensamente do que n\u00f3s \u2013 como um dos verdadeiramente grandes crist\u00e3os do meu tempo.<\/p><\/blockquote>\n<p><i>J. I. Packer<\/i><\/p>\n<p>&nbsp;<\/p>\n<blockquote><p>O segredo da relev\u00e2ncia de <b>A Morte da Raz\u00e3o<\/b> est\u00e1 em buscar ler o que est\u00e1 nas entrelinhas, no n\u00e3o dito, sobre como as mentalidades mudam e as implica\u00e7\u00f5es dessas mudan\u00e7as na viv\u00eancia e na proclama\u00e7\u00e3o da f\u00e9 crist\u00e3. Schaeffer era uma pessoa sens\u00edvel, um cora\u00e7\u00e3o evangelista e, <b>A Morte da Raz\u00e3o<\/b>, \u00e9 um livro bem-vindo para nos inspirar a que sigamos fi\u00e9is e conectados com a nossa pr\u00f3pria gera\u00e7\u00e3o.<\/p><\/blockquote>\n<p>Ricardo Wesley M. Borges<\/p>\n<p>&nbsp;<\/p>\n<blockquote><p>Se algu\u00e9m vai passar uma longa temporada no exterior, \u00e9 de se esperar que a pessoa aprenda a l\u00edngua do pa\u00eds para onde vai. Mais do que isso, entretanto, \u00e9 preciso que essa pessoa realmente consiga comunicar-se com aqueles entre os quais vai viver. [&#8230;] O mesmo ocorre com a Igreja Crist\u00e3. Sua responsabilidade n\u00e3o \u00e9 apenas professar os princ\u00edpios b\u00e1sicos da f\u00e9 crist\u00e3, \u00e0 luz das Escrituras; sua tarefa \u00e9 comunicar essas verdades imut\u00e1veis \u00e0 gera\u00e7\u00e3o em que se situa.<\/p><\/blockquote>\n<p><i>Do Pref\u00e1cio<\/i><\/p>\n","protected":false},"excerpt":{"rendered":"<p>Qual ser\u00e1 a longo prazo a import\u00e2ncia de Francis Schaeffer? Tenho certeza [&#8230;] de que n\u00e3o estarei errado ao saudar Francis Schaeffer \u2013 que enxergou bem mais do que a maioria de n\u00f3s e agonizou sobre a sua percep\u00e7\u00e3o bem mais intensamente do que n\u00f3s \u2013 como um dos verdadeiramente grandes crist\u00e3os do meu tempo. [&hellip;]<\/p>\n","protected":false},"author":24,"featured_media":0,"parent":0,"menu_order":2,"comment_status":"open","ping_status":"open","template":"","meta":{"footnotes":""},"class_list":["post-6","page","type-page","status-publish","hentry"],"_links":{"self":[{"href":"https:\/\/ultimato.com.br\/sites\/a-morte-da-razao\/wp-json\/wp\/v2\/pages\/6","targetHints":{"allow":["GET"]}}],"collection":[{"href":"https:\/\/ultimato.com.br\/sites\/a-morte-da-razao\/wp-json\/wp\/v2\/pages"}],"about":[{"href":"https:\/\/ultimato.com.br\/sites\/a-morte-da-razao\/wp-json\/wp\/v2\/types\/page"}],"author":[{"embeddable":true,"href":"https:\/\/ultimato.com.br\/sites\/a-morte-da-razao\/wp-json\/wp\/v2\/users\/24"}],"replies":[{"embeddable":true,"href":"https:\/\/ultimato.com.br\/sites\/a-morte-da-razao\/wp-json\/wp\/v2\/comments?post=6"}],"version-history":[{"count":2,"href":"https:\/\/ultimato.com.br\/sites\/a-morte-da-razao\/wp-json\/wp\/v2\/pages\/6\/revisions"}],"predecessor-version":[{"id":29,"href":"https:\/\/ultimato.com.br\/sites\/a-morte-da-razao\/wp-json\/wp\/v2\/pages\/6\/revisions\/29"}],"wp:attachment":[{"href":"https:\/\/ultimato.com.br\/sites\/a-morte-da-razao\/wp-json\/wp\/v2\/media?parent=6"}],"curies":[{"name":"wp","href":"https:\/\/api.w.org\/{rel}","templated":true}]}}